{"id":3565,"date":"2022-02-17T11:24:53","date_gmt":"2022-02-17T11:24:53","guid":{"rendered":"https:\/\/www.casassayas.com\/portfolio-items\/diseno-y-organizacion-de-un-blogtrip-turistico-en-la-selva\/"},"modified":"2022-02-17T11:24:53","modified_gmt":"2022-02-17T11:24:53","slug":"diseno-y-organizacion-de-un-blogtrip-turistico-en-la-selva","status":"publish","type":"avada_portfolio","link":"https:\/\/www.casassayas.com\/es\/portfolio-items\/diseno-y-organizacion-de-un-blogtrip-turistico-en-la-selva\/","title":{"rendered":"Dise\u00f1o y organizaci\u00f3n de un blogtrip tur\u00edstico en la Selva"},"content":{"rendered":"<div class=\"fusion-fullwidth fullwidth-box fusion-builder-row-1 fusion-flex-container nonhundred-percent-fullwidth non-hundred-percent-height-scrolling\" style=\"--awb-border-radius-top-left:0px;--awb-border-radius-top-right:0px;--awb-border-radius-bottom-right:0px;--awb-border-radius-bottom-left:0px;--awb-flex-wrap:wrap;\" ><div class=\"fusion-builder-row fusion-row fusion-flex-align-items-flex-start fusion-flex-content-wrap\" style=\"max-width:1365px;margin-left: calc(-5% \/ 2 );margin-right: calc(-5% \/ 2 );\"><div class=\"fusion-layout-column fusion_builder_column fusion-builder-column-0 fusion_builder_column_1_1 1_1 fusion-flex-column\" style=\"--awb-bg-blend:overlay;--awb-bg-size:cover;--awb-width-large:100%;--awb-margin-top-large:0px;--awb-spacing-right-large:2.375%;--awb-margin-bottom-large:0px;--awb-spacing-left-large:2.375%;--awb-width-medium:100%;--awb-spacing-right-medium:2.375%;--awb-spacing-left-medium:2.375%;--awb-width-small:100%;--awb-spacing-right-small:2.375%;--awb-spacing-left-small:2.375%;\"><div class=\"fusion-column-wrapper fusion-flex-justify-content-flex-start fusion-content-layout-column\"><div class=\"fusion-title title fusion-title-1 fusion-sep-none fusion-title-text fusion-title-size-one\"><h1 class=\"fusion-title-heading title-heading-left\" style=\"margin:0;\"><h1>Dise\u00f1o y organizaci\u00f3n de un blogtrip tur\u00edstico en la Selva<\/h1><\/h1><\/div><div class=\"fusion-text fusion-text-1\"><p><span style=\"font-weight: 400;\">El Consejo Comarcal de la Selva pone en marcha el proyecto Localiza con el objetivo de potenciar y dar valor a los productos locales de la demarcaci\u00f3n. Para ello, se sigue la estrategia de vincular a productores con comercializadores, sobre todo del sector tur\u00edstico.<\/span><\/p>\n<p><span style=\"font-weight: 400;\">As\u00ed, este encargo de organizaci\u00f3n de un viaje de descubrimiento por<\/span> <i><span style=\"font-weight: 400;\">bloggers<\/span><\/i> <span style=\"font-weight: 400;\">(<\/span><i><span style=\"font-weight: 400;\">blogtrip<\/span><\/i><span style=\"font-weight: 400;\">) nace con el objetivo de trabajar la comunicaci\u00f3n sobre aquellos que pueden hacer difusi\u00f3n de los productos y de las actividades que se generan a su alrededor.<\/span><\/p>\n<p><span style=\"font-weight: 400;\">En este caso, nos centramos en definir una propuesta de<\/span> <i><span style=\"font-weight: 400;\">bloggers<\/span><\/i> <span style=\"font-weight: 400;\">que respondan al perfil de la acci\u00f3n (incidir sobre el p\u00fablico final de proximidad), plantear una propuesta de actividades, as\u00ed como en ejecutar toda la parte log\u00edstica y de acompa\u00f1amiento antes, durante y despu\u00e9s del<\/span> <i><span style=\"font-weight: 400;\">blogtrip.<\/span><\/i> <span style=\"font-weight: 400;\"><\/span><\/p>\n<\/div><\/div><\/div><\/div><\/div>\n","protected":false},"excerpt":{"rendered":"","protected":false},"author":1,"featured_media":3399,"menu_order":0,"comment_status":"open","ping_status":"closed","template":"","format":"standard","meta":{"footnotes":""},"portfolio_category":[31,32],"portfolio_skills":[],"portfolio_tags":[],"class_list":["post-3565","avada_portfolio","type-avada_portfolio","status-publish","format-standard","has-post-thumbnail","hentry","portfolio_category-marketing-y-promocion","portfolio_category-tecnologia-aplicada-es"],"yoast_head":"<!-- This site is optimized with the Yoast SEO plugin v23.0 - https:\/\/yoast.com\/wordpress\/plugins\/seo\/ -->\n<title>Dise\u00f1o y organizaci\u00f3n de un blogtrip tur\u00edstico en la Selva - Casassayas Consultoria Tur\u00edstica<\/title>\n<meta name=\"robots\" content=\"index, follow, max-snippet:-1, max-image-preview:large, max-video-preview:-1\" \/>\n<link rel=\"canonical\" href=\"https:\/\/www.casassayas.com\/es\/portfolio-items\/diseno-y-organizacion-de-un-blogtrip-turistico-en-la-selva\/\" \/>\n<meta property=\"og:locale\" content=\"es_ES\" \/>\n<meta property=\"og:type\" content=\"article\" \/>\n<meta property=\"og:title\" content=\"Dise\u00f1o y organizaci\u00f3n de un blogtrip tur\u00edstico en la Selva - Casassayas Consultoria Tur\u00edstica\" \/>\n<meta property=\"og:url\" content=\"https:\/\/www.casassayas.com\/es\/portfolio-items\/diseno-y-organizacion-de-un-blogtrip-turistico-en-la-selva\/\" \/>\n<meta property=\"og:site_name\" content=\"Casassayas Consultoria Tur\u00edstica\" \/>\n<meta name=\"twitter:card\" content=\"summary_large_image\" \/>\n<meta name=\"twitter:label1\" content=\"Tiempo de lectura\" \/>\n\t<meta name=\"twitter:data1\" content=\"2 minutos\" \/>\n<script type=\"application\/ld+json\" class=\"yoast-schema-graph\">{\"@context\":\"https:\/\/schema.org\",\"@graph\":[{\"@type\":\"WebPage\",\"@id\":\"https:\/\/www.casassayas.com\/es\/portfolio-items\/diseno-y-organizacion-de-un-blogtrip-turistico-en-la-selva\/\",\"url\":\"https:\/\/www.casassayas.com\/es\/portfolio-items\/diseno-y-organizacion-de-un-blogtrip-turistico-en-la-selva\/\",\"name\":\"Dise\u00f1o y organizaci\u00f3n de un blogtrip tur\u00edstico en la Selva - Casassayas Consultoria Tur\u00edstica\",\"isPartOf\":{\"@id\":\"https:\/\/www.casassayas.com\/es\/#website\"},\"primaryImageOfPage\":{\"@id\":\"https:\/\/www.casassayas.com\/es\/portfolio-items\/diseno-y-organizacion-de-un-blogtrip-turistico-en-la-selva\/#primaryimage\"},\"image\":{\"@id\":\"https:\/\/www.casassayas.com\/es\/portfolio-items\/diseno-y-organizacion-de-un-blogtrip-turistico-en-la-selva\/#primaryimage\"},\"thumbnailUrl\":\"https:\/\/www.casassayas.com\/wp-content\/uploads\/2022\/02\/blog.png\",\"datePublished\":\"2022-02-17T11:24:53+00:00\",\"dateModified\":\"2022-02-17T11:24:53+00:00\",\"breadcrumb\":{\"@id\":\"https:\/\/www.casassayas.com\/es\/portfolio-items\/diseno-y-organizacion-de-un-blogtrip-turistico-en-la-selva\/#breadcrumb\"},\"inLanguage\":\"es\",\"potentialAction\":[{\"@type\":\"ReadAction\",\"target\":[\"https:\/\/www.casassayas.com\/es\/portfolio-items\/diseno-y-organizacion-de-un-blogtrip-turistico-en-la-selva\/\"]}]},{\"@type\":\"ImageObject\",\"inLanguage\":\"es\",\"@id\":\"https:\/\/www.casassayas.com\/es\/portfolio-items\/diseno-y-organizacion-de-un-blogtrip-turistico-en-la-selva\/#primaryimage\",\"url\":\"https:\/\/www.casassayas.com\/wp-content\/uploads\/2022\/02\/blog.png\",\"contentUrl\":\"https:\/\/www.casassayas.com\/wp-content\/uploads\/2022\/02\/blog.png\",\"width\":1440,\"height\":323},{\"@type\":\"BreadcrumbList\",\"@id\":\"https:\/\/www.casassayas.com\/es\/portfolio-items\/diseno-y-organizacion-de-un-blogtrip-turistico-en-la-selva\/#breadcrumb\",\"itemListElement\":[{\"@type\":\"ListItem\",\"position\":1,\"name\":\"Portfolio\",\"item\":\"https:\/\/www.casassayas.com\/es\/portfolio-items\/\"},{\"@type\":\"ListItem\",\"position\":2,\"name\":\"Dise\u00f1o y organizaci\u00f3n de un blogtrip tur\u00edstico en la Selva\"}]},{\"@type\":\"WebSite\",\"@id\":\"https:\/\/www.casassayas.com\/es\/#website\",\"url\":\"https:\/\/www.casassayas.com\/es\/\",\"name\":\"Casassayas Consultoria Tur\u00edstica\",\"description\":\"Consultoria tur\u00edstica especialitzada en la planificaci\u00f3 i gesti\u00f3 de destinacions tur\u00edstiques.\",\"potentialAction\":[{\"@type\":\"SearchAction\",\"target\":{\"@type\":\"EntryPoint\",\"urlTemplate\":\"https:\/\/www.casassayas.com\/es\/?s={search_term_string}\"},\"query-input\":\"required name=search_term_string\"}],\"inLanguage\":\"es\"}]}<\/script>\n<!-- \/ Yoast SEO plugin. -->","yoast_head_json":{"title":"Dise\u00f1o y organizaci\u00f3n de un blogtrip tur\u00edstico en la Selva - Casassayas Consultoria Tur\u00edstica","robots":{"index":"index","follow":"follow","max-snippet":"max-snippet:-1","max-image-preview":"max-image-preview:large","max-video-preview":"max-video-preview:-1"},"canonical":"https:\/\/www.casassayas.com\/es\/portfolio-items\/diseno-y-organizacion-de-un-blogtrip-turistico-en-la-selva\/","og_locale":"es_ES","og_type":"article","og_title":"Dise\u00f1o y organizaci\u00f3n de un blogtrip tur\u00edstico en la Selva - Casassayas Consultoria Tur\u00edstica","og_url":"https:\/\/www.casassayas.com\/es\/portfolio-items\/diseno-y-organizacion-de-un-blogtrip-turistico-en-la-selva\/","og_site_name":"Casassayas Consultoria Tur\u00edstica","twitter_card":"summary_large_image","twitter_misc":{"Tiempo de lectura":"2 minutos"},"schema":{"@context":"https:\/\/schema.org","@graph":[{"@type":"WebPage","@id":"https:\/\/www.casassayas.com\/es\/portfolio-items\/diseno-y-organizacion-de-un-blogtrip-turistico-en-la-selva\/","url":"https:\/\/www.casassayas.com\/es\/portfolio-items\/diseno-y-organizacion-de-un-blogtrip-turistico-en-la-selva\/","name":"Dise\u00f1o y organizaci\u00f3n de un blogtrip tur\u00edstico en la Selva - Casassayas Consultoria Tur\u00edstica","isPartOf":{"@id":"https:\/\/www.casassayas.com\/es\/#website"},"primaryImageOfPage":{"@id":"https:\/\/www.casassayas.com\/es\/portfolio-items\/diseno-y-organizacion-de-un-blogtrip-turistico-en-la-selva\/#primaryimage"},"image":{"@id":"https:\/\/www.casassayas.com\/es\/portfolio-items\/diseno-y-organizacion-de-un-blogtrip-turistico-en-la-selva\/#primaryimage"},"thumbnailUrl":"https:\/\/www.casassayas.com\/wp-content\/uploads\/2022\/02\/blog.png","datePublished":"2022-02-17T11:24:53+00:00","dateModified":"2022-02-17T11:24:53+00:00","breadcrumb":{"@id":"https:\/\/www.casassayas.com\/es\/portfolio-items\/diseno-y-organizacion-de-un-blogtrip-turistico-en-la-selva\/#breadcrumb"},"inLanguage":"es","potentialAction":[{"@type":"ReadAction","target":["https:\/\/www.casassayas.com\/es\/portfolio-items\/diseno-y-organizacion-de-un-blogtrip-turistico-en-la-selva\/"]}]},{"@type":"ImageObject","inLanguage":"es","@id":"https:\/\/www.casassayas.com\/es\/portfolio-items\/diseno-y-organizacion-de-un-blogtrip-turistico-en-la-selva\/#primaryimage","url":"https:\/\/www.casassayas.com\/wp-content\/uploads\/2022\/02\/blog.png","contentUrl":"https:\/\/www.casassayas.com\/wp-content\/uploads\/2022\/02\/blog.png","width":1440,"height":323},{"@type":"BreadcrumbList","@id":"https:\/\/www.casassayas.com\/es\/portfolio-items\/diseno-y-organizacion-de-un-blogtrip-turistico-en-la-selva\/#breadcrumb","itemListElement":[{"@type":"ListItem","position":1,"name":"Portfolio","item":"https:\/\/www.casassayas.com\/es\/portfolio-items\/"},{"@type":"ListItem","position":2,"name":"Dise\u00f1o y organizaci\u00f3n de un blogtrip tur\u00edstico en la Selva"}]},{"@type":"WebSite","@id":"https:\/\/www.casassayas.com\/es\/#website","url":"https:\/\/www.casassayas.com\/es\/","name":"Casassayas Consultoria Tur\u00edstica","description":"Consultoria tur\u00edstica especialitzada en la planificaci\u00f3 i gesti\u00f3 de destinacions tur\u00edstiques.","potentialAction":[{"@type":"SearchAction","target":{"@type":"EntryPoint","urlTemplate":"https:\/\/www.casassayas.com\/es\/?s={search_term_string}"},"query-input":"required name=search_term_string"}],"inLanguage":"es"}]}},"_links":{"self":[{"href":"https:\/\/www.casassayas.com\/es\/wp-json\/wp\/v2\/avada_portfolio\/3565","targetHints":{"allow":["GET"]}}],"collection":[{"href":"https:\/\/www.casassayas.com\/es\/wp-json\/wp\/v2\/avada_portfolio"}],"about":[{"href":"https:\/\/www.casassayas.com\/es\/wp-json\/wp\/v2\/types\/avada_portfolio"}],"author":[{"embeddable":true,"href":"https:\/\/www.casassayas.com\/es\/wp-json\/wp\/v2\/users\/1"}],"replies":[{"embeddable":true,"href":"https:\/\/www.casassayas.com\/es\/wp-json\/wp\/v2\/comments?post=3565"}],"version-history":[{"count":0,"href":"https:\/\/www.casassayas.com\/es\/wp-json\/wp\/v2\/avada_portfolio\/3565\/revisions"}],"wp:featuredmedia":[{"embeddable":true,"href":"https:\/\/www.casassayas.com\/es\/wp-json\/wp\/v2\/media\/3399"}],"wp:attachment":[{"href":"https:\/\/www.casassayas.com\/es\/wp-json\/wp\/v2\/media?parent=3565"}],"wp:term":[{"taxonomy":"portfolio_category","embeddable":true,"href":"https:\/\/www.casassayas.com\/es\/wp-json\/wp\/v2\/portfolio_category?post=3565"},{"taxonomy":"portfolio_skills","embeddable":true,"href":"https:\/\/www.casassayas.com\/es\/wp-json\/wp\/v2\/portfolio_skills?post=3565"},{"taxonomy":"portfolio_tags","embeddable":true,"href":"https:\/\/www.casassayas.com\/es\/wp-json\/wp\/v2\/portfolio_tags?post=3565"}],"curies":[{"name":"wp","href":"https:\/\/api.w.org\/{rel}","templated":true}]}}